{"id":617,"date":"2025-10-17T12:39:25","date_gmt":"2025-10-17T12:39:25","guid":{"rendered":"https:\/\/www.gpn33.org\/?page_id=617"},"modified":"2025-10-17T13:26:37","modified_gmt":"2025-10-17T13:26:37","slug":"discipleship-and-prayer","status":"publish","type":"page","link":"https:\/\/www.gpn33.org\/pt\/discipleship-and-prayer\/","title":{"rendered":"Discipulado e ora\u00e7\u00e3o"},"content":{"rendered":"<div class=\"wp-block-buttons is-layout-flex wp-block-buttons-is-layout-flex\">\n<div class=\"wp-block-button\"><a class=\"wp-block-button__link wp-element-button\" href=\"https:\/\/110cities.com\/wp-content\/uploads\/2025\/10\/Discipleship-and-Prayer-Dr-Jason-Hubbard.pdf\" target=\"_blank\" rel=\"noreferrer noopener\">DESCARREGAR ESTE ARTIGO (PDF EM INGL\u00caS)<\/a><\/div>\n<\/div>\n\n\n\n<p>Segunda-feira 20<sup>th<\/sup> O m\u00eas de outubro de 2025 marcar\u00e1 o nosso 3<sup>rd<\/sup> anual <strong><a href=\"https:\/\/www.gpn33.org\/pt\/day-of-prayer-for-hindu-world\/\">Dia Mundial de Ora\u00e7\u00e3o pelo Mundo Hindu<\/a><\/strong>.<\/p>\n\n\n\n<p>A investiga\u00e7\u00e3o diz-nos que 80% dos hindus, budistas e mu\u00e7ulmanos n\u00e3o conhecem um \u00fanico crist\u00e3o. Com cerca de 1,25 mil milh\u00f5es de hindus em todo o mundo, o hindu\u00edsmo \u00e9 a terceira maior religi\u00e3o do mundo - com mil milh\u00f5es deles s\u00f3 na \u00cdndia!&nbsp;<\/p>\n\n\n<div class=\"wp-block-image\">\n<figure class=\"alignright size-full\"><img loading=\"lazy\" decoding=\"async\" width=\"313\" height=\"313\" src=\"https:\/\/www.gpn33.org\/wp-content\/uploads\/2025\/10\/image002.jpg\" alt=\"\" class=\"wp-image-624\" srcset=\"https:\/\/www.gpn33.org\/wp-content\/uploads\/2025\/10\/image002.jpg 313w, https:\/\/www.gpn33.org\/wp-content\/uploads\/2025\/10\/image002-150x150.jpg 150w, https:\/\/www.gpn33.org\/wp-content\/uploads\/2025\/10\/image002-12x12.jpg 12w\" sizes=\"auto, (max-width: 313px) 100vw, 313px\" \/><\/figure>\n<\/div>\n\n\n<p>Como Jesus nos chamou a fazer disc\u00edpulos de todas as na\u00e7\u00f5es, a tarefa que nos resta \u00e9 enorme e tem de come\u00e7ar com a ora\u00e7\u00e3o! Se a defini\u00e7\u00e3o de ora\u00e7\u00e3o \u00e9 intimidade com Deus - a parte conversacional da mais importante rela\u00e7\u00e3o de amor das nossas vidas - ent\u00e3o o destino da ora\u00e7\u00e3o \u00e9 o cumprimento dos Seus prop\u00f3sitos!&nbsp;<\/p>\n\n\n\n<p>Deus escolheu cumprir os Seus objectivos atrav\u00e9s das ora\u00e7\u00f5es do Seu povo. Ele ordenou a ora\u00e7\u00e3o como o canal atrav\u00e9s do qual Ele realiza a Sua vontade.<\/p>\n\n\n\n<p><strong>Uma das chaves para uma ora\u00e7\u00e3o eficaz \u00e9 rezar pelo cumprimento da Grande Comiss\u00e3o! <\/strong>&nbsp;<\/p>\n\n\n\n<p>A B\u00edblia d\u00e1 grande import\u00e2ncia ao papel da ora\u00e7\u00e3o na Grande Comiss\u00e3o. O termo \"a Grande Comiss\u00e3o\" refere-se \u00e0 ordem final de Jesus aos seus disc\u00edpulos (e, por conseguinte, \u00e0 igreja como um todo) enquanto Ele estava fisicamente na terra.   Queremos rezar para que cada pessoa e cada fam\u00edlia em todo o lado tenha um encontro aut\u00eantico com o Senhor Jesus Cristo pelo poder e pela presen\u00e7a do Esp\u00edrito Santo!  E Jesus disse claramente que a forma mais eficaz de o fazer - de ver o Evangelho do Reino proclamado a todo o mundo - \u00e9 fazendo disc\u00edpulos de todas as na\u00e7\u00f5es!&nbsp;<\/p>\n\n\n\n<p>Jesus ordenou aos seus disc\u00edpulos que fossem do monte Arbel e fizessem disc\u00edpulos de todas as na\u00e7\u00f5es - Arbel \u00e9 o monte mais alto da Galileia. O Evangelho de Mateus diz-nos que, ap\u00f3s a ressurrei\u00e7\u00e3o de Jesus, Ele deu instru\u00e7\u00f5es aos seus disc\u00edpulos para irem ao monte da Galileia.<\/p>\n\n\n\n<p>Num dia claro, estando no topo de Arbel, \u00e9 poss\u00edvel ver quil\u00f3metros de dist\u00e2ncia. Olhando para norte, v\u00ea-se o pico do Monte Hermon, a maior montanha de Israel, que se ergue sobre as fronteiras entre o L\u00edbano, a S\u00edria e Israel. A leste, v\u00eaem-se os Montes Gol\u00e3, a cordilheira negra, de pedra bas\u00e1ltica, que separa Israel dos pa\u00edses da S\u00edria e da Jord\u00e2nia. Olhando para sul, v\u00eaem-se as terras f\u00e9rteis do vale de Jezreel, que se estendem como uma manta de retalhos no ch\u00e3o at\u00e9 chegar \u00e0s colinas ondulantes de Samaria. E, olhando para oeste, fica a plan\u00edcie costeira junto \u00e0 antiga cidade de Cesareia Mar\u00edtima, a antiga cidade portu\u00e1ria constru\u00edda pelo rei Herodes, onde o ap\u00f3stolo Paulo partiu para Roma, levando consigo o Evangelho para o Ocidente.<\/p>\n\n\n\n<p><strong>Jesus estava a ter uma vis\u00e3o - <\/strong>uma vis\u00e3o para um movimento global de multiplica\u00e7\u00e3o.<\/p>\n\n\n\n<p><strong>Ele chamou os seus disc\u00edpulos n\u00e3o apenas para \"fazer disc\u00edpulos\", mas para fazer disc\u00edpulos que se multipliquem!<\/strong><\/p>\n\n\n\n<p><a href=\"https:\/\/youtu.be\/aKK9eAyr2H0\" target=\"_blank\" rel=\"noreferrer noopener\"><strong>Veja este v\u00eddeo! - O Poder da Multiplica\u00e7\u00e3o<\/strong><\/a><\/p>\n\n\n\n<figure class=\"wp-block-embed is-type-video is-provider-youtube wp-block-embed-youtube wp-embed-aspect-16-9 wp-has-aspect-ratio\"><div class=\"wp-block-embed__wrapper\">\n<iframe loading=\"lazy\" title=\"O poder da multiplica\u00e7\u00e3o\" width=\"500\" height=\"281\" src=\"https:\/\/www.youtube.com\/embed\/aKK9eAyr2H0?feature=oembed\" frameborder=\"0\" allow=\"accelerometer; autoplay; clipboard-write; encrypted-media; gyroscope; picture-in-picture; web-share\" referrerpolicy=\"strict-origin-when-cross-origin\" allowfullscreen><\/iframe>\n<\/div><\/figure>\n\n\n\n<p><strong>Mateus 28:18-20<\/strong>Foi-me dada toda a autoridade no c\u00e9u e na terra. Ide, pois, e fazei disc\u00edpulos de todas as na\u00e7\u00f5es, batizando-os em nome do Pai, do Filho e do Esp\u00edrito Santo, ensinando-os a guardar todas as coisas que vos tenho mandado. E eis que eu estou convosco todos os dias, at\u00e9 ao fim dos tempos\"<\/p>\n\n\n\n<p>Nesta passagem, vemos primeiro que a autoridade \u00e9 dada a Jesus, e a segunda parte no fim - \"Eu estarei sempre convosco at\u00e9 ao fim dos tempos\".<\/p>\n\n\n<div class=\"wp-block-image\">\n<figure class=\"alignright size-full\"><img loading=\"lazy\" decoding=\"async\" width=\"331\" height=\"331\" src=\"https:\/\/www.gpn33.org\/wp-content\/uploads\/2025\/10\/image004.jpg\" alt=\"\" class=\"wp-image-625\" srcset=\"https:\/\/www.gpn33.org\/wp-content\/uploads\/2025\/10\/image004.jpg 331w, https:\/\/www.gpn33.org\/wp-content\/uploads\/2025\/10\/image004-150x150.jpg 150w, https:\/\/www.gpn33.org\/wp-content\/uploads\/2025\/10\/image004-12x12.jpg 12w\" sizes=\"auto, (max-width: 331px) 100vw, 331px\" \/><\/figure>\n<\/div>\n\n\n<p>Muitas vezes concentramo-nos no ir, no fazer disc\u00edpulos, no batizar, no ensinar ou na mec\u00e2nica de plantar igrejas - mas as palavras de Jesus come\u00e7am e acabam nele pr\u00f3prio - na sua autoridade e na sua presen\u00e7a!<\/p>\n\n\n\n<p>Jesus \u00e9 a pessoa central e o n\u00facleo ardente da grande comiss\u00e3o - e n\u00f3s ligamo-nos a Ele - \u00e0 Sua autoridade e \u00e0 Sua presen\u00e7a - atrav\u00e9s da ora\u00e7\u00e3o!<\/p>\n\n\n\n<p>A ora\u00e7\u00e3o \u00e9 a principal forma que Deus nos deu para mantermos o principal no principal - o pr\u00f3prio Jesus no centro!  Jesus tem toda a autoridade e est\u00e1 connosco - este \u00e9 o princ\u00edpio e o fim da Grande Comiss\u00e3o!<\/p>\n\n\n\n<p><strong>Qual \u00e9 a defini\u00e7\u00e3o de disc\u00edpulo?<\/strong><br>A palavra disc\u00edpulo significa literalmente \"seguidor de um mestre\".  No tempo de Cristo, um disc\u00edpulo n\u00e3o era simplesmente um aprendiz de um grande mestre (rabino), mas era um aprendiz ou um imitador.  Jesus chamou os Seus primeiros disc\u00edpulos para O seguirem e fazerem as coisas que Ele fazia e dizerem as coisas que Ele dizia!<\/p>\n\n\n\n<p>Uma defini\u00e7\u00e3o simples de disc\u00edpulo seria algu\u00e9m que veio a Jesus para a vida eterna, O reivindicou como Salvador e Deus, e embarcou numa vida de O seguir.<\/p>\n\n\n\n<p>Um disc\u00edpulo \u00e9 aquele que ama a Deus, ama as pessoas e faz disc\u00edpulos que se multiplicam!&nbsp;<\/p>\n\n\n\n<h2 class=\"wp-block-heading\">As 3 marcas de um disc\u00edpulo:<\/h2>\n\n\n\n<p>Queremos ser disc\u00edpulos e fazer disc\u00edpulos que valham a pena reproduzir e, segundo Jesus, as marcas de um disc\u00edpulo s\u00e3o tr\u00eas:<\/p>\n\n\n\n<h3 class=\"wp-block-heading\">1. Permanece na Palavra de Deus, Jo\u00e3o 8:31-32<\/h3>\n\n\n\n<p>\"Se permanecerdes na minha palavra, sereis verdadeiramente meus disc\u00edpulos e conhecereis a verdade, e a verdade vos libertar\u00e1.\"<\/p>\n\n\n\n<p>A ora\u00e7\u00e3o \u00e9 a verdadeira for\u00e7a vital de um disc\u00edpulo de Jesus!  Jesus foi claro ao dizer que ouvi-lo - permanecer na sua palavra - \u00e9 o aspeto mais importante da ora\u00e7\u00e3o. A palavra permanecer implica <strong><em>restantes<\/em><\/strong> em constante comunh\u00e3o e relacionamento.&nbsp;<br><br>A ora\u00e7\u00e3o \u00e9 a parte conversacional da rela\u00e7\u00e3o amorosa mais importante das nossas vidas!&nbsp;<\/p>\n\n\n\n<h3 class=\"wp-block-heading\">2. Ama como Jesus ama, Jo\u00e3o 13:34-35<\/h3>\n\n\n\n<p>\"Um novo mandamento vos dou: que vos ameis uns aos outros: assim como eu vos amei, que tamb\u00e9m v\u00f3s vos ameis uns aos outros. Nisto todos conhecer\u00e3o que sois meus disc\u00edpulos, se vos amardes uns aos outros.\"<\/p>\n\n\n\n<p>Uma das primeiras e mais importantes formas de amarmos como Jesus ama \u00e9 rezarmos uns pelos outros!  Pedimos a Deus que fa\u00e7a por eles o que eles n\u00e3o podem fazer por si pr\u00f3prios!<\/p>\n\n\n\n<h3 class=\"wp-block-heading\">3. D\u00e1 fruto, Jo\u00e3o 15:7-8<\/h3>\n\n\n\n<p>\"Se permanecerdes em mim, e as minhas palavras permanecerem em v\u00f3s, pedi o que quiserdes, e ser-vos-\u00e1 feito.  Assim, o meu Pai \u00e9 glorificado, porque dais muito fruto e sois meus disc\u00edpulos\"<\/p>\n\n\n\n<p>Segundo Jesus, damos fruto permanecendo e pedindo na ora\u00e7\u00e3o. Assim, o Pai \u00e9 glorificado e n\u00f3s provamos que somos seus disc\u00edpulos. &nbsp;<\/p>\n\n\n\n<p>Uma das chaves para o cumprimento da Grande Comiss\u00e3o \u00e9 orar ao Senhor da Colheita para que sejam enviados trabalhadores!<\/p>\n\n\n\n<p>Ele disse-lhes: \"A colheita \u00e9 verdadeiramente <em>\u00e9<\/em> \u00f3timo, mas os trabalhadores <em>s\u00e3o<\/em> Por isso, rogai ao Senhor da messe que envie trabalhadores para a sua messe\" (Lucas 10,2).<\/p>\n\n\n\n<p>A palavra para ora\u00e7\u00e3o usada neste contexto \u00e9 <em>deomai<\/em>O que significa ora\u00e7\u00e3o desesperada!   Jesus disse que a colheita \u00e9 grande, mas os trabalhadores s\u00e3o poucos - Por isso, reza - reza com fervor, reza com desespero!<\/p>\n\n\n\n<p>Quando os trabalhadores saem para proclamar o Evangelho do Reino, muitas vezes encontram resist\u00eancia.  O diabo estabeleceu fortalezas espirituais sobre povos, cidades e na\u00e7\u00f5es. Paulo diz-nos que nos foram dadas armas de guerra para demolirmos as fortalezas e vermos o avan\u00e7o. (2 Cor. 10:4-5).<\/p>\n\n\n\n<h2 class=\"wp-block-heading\">Poder na ora\u00e7\u00e3o da Palavra<\/h2>\n\n\n\n<p>Uma das armas mais poderosas \u00e9 a Palavra de Deus, a Espada do Esp\u00edrito. Paulo ordena-nos, em Ef\u00e9sios 6, que permane\u00e7amos firmes, vestindo a nossa armadura pela f\u00e9 e, em seguida, empunhando a sua palavra atrav\u00e9s da ora\u00e7\u00e3o, orando em todos os momentos, por todos os povos e com todos os tipos de ora\u00e7\u00e3o (Ef 6,10-19).&nbsp;<\/p>\n\n\n\n<p>Em primeiro lugar, rezamos e declaramos a supremacia de Jesus sobre os povos e as regi\u00f5es. &nbsp;<\/p>\n\n\n\n<p>Atrav\u00e9s da ora\u00e7\u00e3o, pedimos ao Pai que amarre e reprima o inimigo, os principados e potestades que cegaram as mentes dos incr\u00e9dulos.<\/p>\n\n\n\n<p><strong>Rezamos por portas abertas, c\u00e9us abertos, estradas abertas e corredores abertos para que o Evangelho avance!<\/strong><\/p>\n\n\n\n<p>Pedimos ao Senhor que remova a cegueira que o deus deste tempo colocou sobre os incr\u00e9dulos, para que possam ver a luz do Evangelho no rosto de Jesus!&nbsp;<\/p>\n\n\n\n<p>Pedimos ao Pai que nos livre do maligno, tal como Jesus veio para destruir as obras do dem\u00f3nio<strong>.<\/strong> Ao oferecermos a nossa adora\u00e7\u00e3o e louvor \u00e0quele que se senta no trono e ao Cordeiro, a Sua presen\u00e7a e luz no meio de n\u00f3s estilha\u00e7a as trevas espirituais, e o poder de Deus liberta fam\u00edlias de todas as f\u00e9s da terra para se tornarem seguidores de Jesus Cristo de todo o cora\u00e7\u00e3o!<\/p>\n\n\n\n<figure class=\"wp-block-image size-full\"><img loading=\"lazy\" decoding=\"async\" width=\"1080\" height=\"720\" src=\"https:\/\/www.gpn33.org\/wp-content\/uploads\/2025\/10\/Discipleship-and-Prayer-2.jpg\" alt=\"\" class=\"wp-image-622\" srcset=\"https:\/\/www.gpn33.org\/wp-content\/uploads\/2025\/10\/Discipleship-and-Prayer-2.jpg 1080w, https:\/\/www.gpn33.org\/wp-content\/uploads\/2025\/10\/Discipleship-and-Prayer-2-350x233.jpg 350w, https:\/\/www.gpn33.org\/wp-content\/uploads\/2025\/10\/Discipleship-and-Prayer-2-768x512.jpg 768w, https:\/\/www.gpn33.org\/wp-content\/uploads\/2025\/10\/Discipleship-and-Prayer-2-18x12.jpg 18w\" sizes=\"auto, (max-width: 1080px) 100vw, 1080px\" \/><\/figure>\n\n\n\n<p>Assistimos a um grande surto de adora\u00e7\u00e3o e ora\u00e7\u00e3o intercess\u00f3ria iniciado nos anos 90 at\u00e9 hoje!<\/p>\n\n\n\n<p>O Movimento Global de Ora\u00e7\u00e3o tem registado uma acelera\u00e7\u00e3o not\u00e1vel - os coreanos t\u00eam lutado na ora\u00e7\u00e3o matinal durante d\u00e9cadas, as Marchas para Jesus tiveram lugar nas ruas de todo o mundo, o Dia Global de Ora\u00e7\u00e3o encheu est\u00e1dios, as pessoas caminharam em ora\u00e7\u00e3o e rezaram para a descoberta de novas oportunidades em cidades de entrada do mundo, o movimento das torres de ora\u00e7\u00e3o da Indon\u00e9sia, a paix\u00e3o e o fogo das reuni\u00f5es de ora\u00e7\u00e3o da Am\u00e9rica Latina e da Am\u00e9rica do Sul, as vig\u00edlias de ora\u00e7\u00e3o durante toda a noite com jejum em todo o continente africano, o movimento de ora\u00e7\u00e3o em trabalho de parto em toda a China e os tempos de ora\u00e7\u00e3o corporativa liderados pelo Esp\u00edrito em toda a \u00cdndia, juntamente com a nova express\u00e3o de casas de ora\u00e7\u00e3o e adora\u00e7\u00e3o explodindo nas na\u00e7\u00f5es, e hoje mais de cem milh\u00f5es de crentes em ora\u00e7\u00e3o unida em quatro dias globais de ora\u00e7\u00e3o a cada ano desde 2022!&nbsp;<\/p>\n\n\n\n<p>E durante este tempo, houve resultados surpreendentes nos movimentos mission\u00e1rios em todo o mundo -<\/p>\n\n\n\n<p>De acordo com os principais investigadores mission\u00e1rios, os disc\u00edpulos e as igrejas destes movimentos t\u00eam crescido exponencialmente a um ritmo espantoso de 23% ao ano, muito mais r\u00e1pido do que a popula\u00e7\u00e3o mundial. O n\u00famero total de disc\u00edpulos nestes movimentos tem duplicado a cada 3,5 anos - um testemunho da pot\u00eancia da multiplica\u00e7\u00e3o divina com a ora\u00e7\u00e3o.<\/p>\n\n\n<div class=\"wp-block-image\">\n<figure class=\"alignright size-full\"><img loading=\"lazy\" decoding=\"async\" width=\"231\" height=\"346\" src=\"https:\/\/www.gpn33.org\/wp-content\/uploads\/2025\/10\/image007.jpg\" alt=\"\" class=\"wp-image-626\" srcset=\"https:\/\/www.gpn33.org\/wp-content\/uploads\/2025\/10\/image007.jpg 231w, https:\/\/www.gpn33.org\/wp-content\/uploads\/2025\/10\/image007-8x12.jpg 8w\" sizes=\"auto, (max-width: 231px) 100vw, 231px\" \/><\/figure>\n<\/div>\n\n\n<h3 class=\"wp-block-heading\">Este crescimento global ocorreu em quatro fases distintas:<\/h3>\n\n\n\n<ul class=\"wp-block-list\">\n<li>De 1995 a 2000 - de 10.000 para mais de 100.000 disc\u00edpulos<\/li>\n\n\n\n<li>De 2000 a 2005 - de 100 000 para mais de 1 milh\u00e3o de disc\u00edpulos<\/li>\n\n\n\n<li>De 2005 a 2015 - de 1 milh\u00e3o para mais de 10 milh\u00f5es<\/li>\n\n\n\n<li>De 2015 a 2024 - o n\u00famero ultrapassou os 100 milh\u00f5es<\/li>\n<\/ul>\n\n\n\n<p>\u00c0 medida que a ora\u00e7\u00e3o que exalta Cristo, baseada na B\u00edblia, alimentada pela adora\u00e7\u00e3o, guiada pelo Esp\u00edrito e motivada pelo amor est\u00e1 a aumentar nas na\u00e7\u00f5es, mais disc\u00edpulos est\u00e3o a ser feitos, mais igrejas est\u00e3o a ser plantadas, mais b\u00edblias est\u00e3o a ser traduzidas, mais sinais, maravilhas e milagres est\u00e3o a ser exibidos e mais justi\u00e7a est\u00e1 a ser libertada para os pobres, os marginalizados, os \u00f3rf\u00e3os e as vi\u00favas!<\/p>\n\n\n\n<p>Assim, no <strong><a href=\"https:\/\/www.gpn33.org\/pt\/day-of-prayer-for-hindu-world\/\">Dia Mundial de Ora\u00e7\u00e3o pelo mundo hindu<\/a><\/strong>Sejamos n\u00f3s a elevar as nossas ora\u00e7\u00f5es como incenso diante de Deus, que pode fazer imensamente mais do que tudo o que pedimos ou sequer imaginamos, para Sua Gl\u00f3ria, para nossa Alegria e para que multid\u00f5es cheguem ao conhecimento salvador de Jesus em todo o mundo hindu!\u00a0<\/p>\n\n\n\n<p><strong>Dr. Jason Hubbard - Diretor<br><\/strong><a href=\"https:\/\/www.linktr.ee\/ipcprayer\" target=\"_blank\" rel=\"noreferrer noopener\"><strong>Liga\u00e7\u00e3o Internacional de Ora\u00e7\u00e3o<\/strong><\/a><\/p>","protected":false},"excerpt":{"rendered":"<p>Monday 20th October 2025 will mark our 3rd annual Global Day of Prayer for the Hindu World. Research tells us that 80 percent of Hindus,...<\/p>","protected":false},"author":1,"featured_media":0,"parent":0,"menu_order":0,"comment_status":"closed","ping_status":"closed","template":"","meta":{"footnotes":""},"class_list":["post-617","page","type-page","status-publish","hentry"],"_links":{"self":[{"href":"https:\/\/www.gpn33.org\/pt\/wp-json\/wp\/v2\/pages\/617","targetHints":{"allow":["GET"]}}],"collection":[{"href":"https:\/\/www.gpn33.org\/pt\/wp-json\/wp\/v2\/pages"}],"about":[{"href":"https:\/\/www.gpn33.org\/pt\/wp-json\/wp\/v2\/types\/page"}],"author":[{"embeddable":true,"href":"https:\/\/www.gpn33.org\/pt\/wp-json\/wp\/v2\/users\/1"}],"replies":[{"embeddable":true,"href":"https:\/\/www.gpn33.org\/pt\/wp-json\/wp\/v2\/comments?post=617"}],"version-history":[{"count":7,"href":"https:\/\/www.gpn33.org\/pt\/wp-json\/wp\/v2\/pages\/617\/revisions"}],"predecessor-version":[{"id":639,"href":"https:\/\/www.gpn33.org\/pt\/wp-json\/wp\/v2\/pages\/617\/revisions\/639"}],"wp:attachment":[{"href":"https:\/\/www.gpn33.org\/pt\/wp-json\/wp\/v2\/media?parent=617"}],"curies":[{"name":"wp","href":"https:\/\/api.w.org\/{rel}","templated":true}]}}